{"id":3365,"date":"2025-03-06T13:36:26","date_gmt":"2025-03-06T12:36:26","guid":{"rendered":"https:\/\/bordeauxgsef2025.org\/?page_id=3365"},"modified":"2025-05-05T18:00:49","modified_gmt":"2025-05-05T16:00:49","slug":"stand-forum-gsef2025","status":"publish","type":"page","link":"https:\/\/dev.bordeauxgsef2025.org\/en\/stand-forum-gsef2025\/","title":{"rendered":"Book your stand"},"content":{"rendered":"<div style=\"height:30px\" aria-hidden=\"true\" class=\"wp-block-spacer\"><\/div>\n\n\n<div class=\"yoast-breadcrumbs\"><span><span><a href=\"https:\/\/dev.bordeauxgsef2025.org\/en\/\">Home<\/a><\/span> \u00bb <span class=\"breadcrumb_last\" aria-current=\"page\"><strong>Book your stand<\/strong><\/span><\/span><\/div>\n\n\n<div style=\"height:20px\" aria-hidden=\"true\" class=\"wp-block-spacer\"><\/div>\n\n\n\n<div style=\"height:0px\" aria-hidden=\"true\" class=\"wp-block-spacer\"><\/div>\n\n\n\n<div class=\"wp-block-columns is-layout-flex wp-container-core-columns-is-layout-28f84493 wp-block-columns-is-layout-flex\">\n<div class=\"wp-block-column is-layout-flow wp-block-column-is-layout-flow\" style=\"flex-basis:40%\">\n<figure class=\"wp-block-image size-large\"><img fetchpriority=\"high\" decoding=\"async\" width=\"1024\" height=\"742\" sizes=\"(max-width: 1024px) 100vw, 1024px\" src=\"https:\/\/dev.bordeauxgsef2025.org\/wp-content\/uploads\/2024\/10\/gsef-bx-2025-icono2-1024x742-en.png\" alt=\"\" class=\"wp-image-1357\" srcset=\"https:\/\/dev.bordeauxgsef2025.org\/wp-content\/uploads\/2024\/10\/gsef-bx-2025-icono2-1024x742-en.png 1024w, https:\/\/dev.bordeauxgsef2025.org\/wp-content\/uploads\/2024\/10\/gsef-bx-2025-icono2-1024x742-en-300x217.png 300w, https:\/\/dev.bordeauxgsef2025.org\/wp-content\/uploads\/2024\/10\/gsef-bx-2025-icono2-1024x742-en-768x557.png 768w, https:\/\/dev.bordeauxgsef2025.org\/wp-content\/uploads\/2024\/10\/gsef-bx-2025-icono2-1024x742-en-18x12.png 18w\" \/><\/figure>\n<\/div>\n\n\n\n<div class=\"wp-block-column is-vertically-aligned-center has-text-color has-link-color wp-elements-9d31e819a4d6eea6d537bfe8b1a43348 is-layout-flow wp-block-column-is-layout-flow\" style=\"color:#1e4b98;flex-basis:60%\">\n<h1 class=\"wp-block-heading has-large-font-size\"><strong><mark style=\"background-color:rgba(0, 0, 0, 0);color:#1e4b98\" class=\"has-inline-color\">Your stand at the Global SSE Forum<\/mark> <mark style=\"background-color:rgba(0, 0, 0, 0);color:#009541\" class=\"has-inline-color\">Bordeaux<\/mark>&nbsp;<mark style=\"background-color:rgba(0, 0, 0, 0);color:#1e4b98\" class=\"has-inline-color\">GSEF<\/mark>&nbsp;<mark style=\"background-color:rgba(0, 0, 0, 0);color:#e4003e\" class=\"has-inline-color\">2025<\/mark><\/strong><\/h1>\n\n\n\n<p class=\"has-medium-font-size\"><strong>Showcase your organization, your projects and your initiatives at the Bordeaux GSEF 2025 Forum.<\/strong><\/p>\n\n\n\n<p><\/p>\n<\/div>\n<\/div>\n\n\n\n<div class=\"wp-block-columns bloc-blanc  has-white-background-color has-background is-layout-flex wp-container-core-columns-is-layout-28f84493 wp-block-columns-is-layout-flex\">\n<div class=\"wp-block-column is-vertically-aligned-stretch is-layout-flow wp-block-column-is-layout-flow\">\n<div class=\"wp-block-columns is-layout-flex wp-container-core-columns-is-layout-28f84493 wp-block-columns-is-layout-flex\">\n<div class=\"wp-block-column is-layout-flow wp-block-column-is-layout-flow\">\n<h3 class=\"wp-block-heading has-text-align-center\"><strong>You are a local or national government?<br>a network? a partner? a stakeholder?<br>involved in and for the Social Solidarity Economy<\/strong><\/h3>\n\n\n\n<hr class=\"wp-block-separator has-text-color has-alpha-channel-opacity has-background\" style=\"background-color:#009541;color:#009541\"\/>\n\n\n\n<h4 class=\"wp-block-heading has-text-align-center has-medium-font-size\"><strong>Book your stand at the Global SSE Forum from 29 to 31 October 2025<\/strong><\/h4>\n\n\n\n<hr class=\"wp-block-separator has-text-color has-alpha-channel-opacity has-background\" style=\"background-color:#009541;color:#009541\"\/>\n\n\n\n<div class=\"wp-block-columns is-layout-flex wp-container-core-columns-is-layout-28f84493 wp-block-columns-is-layout-flex\">\n<div class=\"wp-block-column is-vertically-aligned-top is-layout-flow wp-block-column-is-layout-flow\" style=\"flex-basis:50%\">\n<div style=\"height:15px\" aria-hidden=\"true\" class=\"wp-block-spacer\"><\/div>\n\n\n\n<p class=\"has-text-color has-link-color wp-elements-b82ecf9efea902cde1dbc3691f3a3bf7\" style=\"color:#e4003e\"><strong>An attractive exhibition area at the heart of the Forum will feature a media centre, organisers' stands and a networking area, bookshop and refreshment stand.<\/strong><\/p>\n\n\n\n<div class=\"wp-block-columns are-vertically-aligned-center blue has-background is-layout-flex wp-container-core-columns-is-layout-28f84493 wp-block-columns-is-layout-flex\" style=\"background-color:#1f4b9933\">\n<div class=\"wp-block-column is-vertically-aligned-center has-text-color has-link-color has-small-font-size wp-elements-3e3e44024b8e4b6547636602afdd3e59 is-layout-flow wp-block-column-is-layout-flow\" style=\"color:#1e4b98\">\n<h5 class=\"wp-block-heading has-text-color has-link-color wp-elements-671dfc4cc2f1344f17ef50a507f048c1\" style=\"color:#1e4b98;font-size:15px\"><strong>Book now your stand for :<\/strong><\/h5>\n\n\n\n<ul class=\"wp-block-list\">\n<li style=\"font-size:15px\">Increased <strong>visibility <\/strong>among participants <\/li>\n\n\n\n<li style=\"font-size:15px\"><strong>Communicate<\/strong> in a targeted manner<\/li>\n\n\n\n<li style=\"font-size:15px\">Taking advantage of <strong>a favorable networking environment<\/strong><\/li>\n\n\n\n<li style=\"font-size:15px\"><strong>Meet <\/strong>new contacts<\/li>\n\n\n\n<li style=\"font-size:15px\"><strong>Strengthen<\/strong> your existing relationships<\/li>\n<\/ul>\n<\/div>\n<\/div>\n\n\n\n<div style=\"height:36px\" aria-hidden=\"true\" class=\"wp-block-spacer\"><\/div>\n\n\n\n<h3 class=\"wp-block-heading\" style=\"font-size:23px\"><strong>Formulas to suit your needs:<\/strong><\/h3>\n\n\n\n<p><strong>Arrange on your own or in groups, according to your needs,<\/strong> <strong>a stand of 6, 9 or 12 m<sup>2<\/sup><\/strong> <strong>partitioned or unpartitioned to suit you<\/strong> <strong>from \u20ac3,000 excl. tax for 3 days<\/strong> (including furniture - pack varies according to surface area - and 1 free admission to the Forum)<\/p>\n\n\n\n<h4 class=\"wp-block-heading has-text-align-left\"><strong>To find out more and reserve your stand,<\/strong> contact the Bordeaux GSEF 2025 team:<\/h4>\n\n\n\n<p class=\"has-text-align-center has-text-color has-link-color has-medium-font-size wp-elements-10ce6d3403e8215b792b9bda2afc1780\" style=\"color:#009541\"><strong>by phone +33 6 64 13 55 17<\/strong><\/p>\n\n\n\n<div class=\"wp-block-buttons is-content-justification-center is-layout-flex wp-container-core-buttons-is-layout-a89b3969 wp-block-buttons-is-layout-flex\">\n<div class=\"wp-block-button has-custom-width wp-block-button__width-100\"><a class=\"wp-block-button__link has-white-color has-text-color has-background has-link-color has-custom-font-size wp-element-button\" href=\"mailto:contact@bordeauxgsef2025.org\" style=\"border-radius:0px;background-color:#009541;font-size:16px\" target=\"_blank\" rel=\"noreferrer noopener\"><strong>Or by email <\/strong><\/a><\/div>\n\n\n\n<div class=\"wp-block-button has-custom-width wp-block-button__width-100\"><a class=\"wp-block-button__link has-white-color has-text-color has-background has-link-color has-custom-font-size wp-element-button\" href=\"https:\/\/dev.bordeauxgsef2025.org\/en\/contact\/\" style=\"border-radius:0px;background-color:#1e4b98;font-size:16px\" target=\"_blank\" rel=\"noreferrer noopener\"><strong>Or use our contact form<\/strong><\/a><\/div>\n<\/div>\n<\/div>\n\n\n\n<div class=\"wp-block-column is-vertically-aligned-top is-layout-flow wp-container-core-column-is-layout-1205e948 wp-block-column-is-layout-flow\" style=\"padding-top:30px;padding-right:30px;padding-bottom:30px;padding-left:30px;flex-basis:50%\">\n<div class=\"wp-block-advgb-images-slider advgb-images-slider-block advg-images-slider-a57d99ea-b7fe-4d5b-80fa-787e8463a225\"><div class=\"advgb-images-slider\" dir=\"ltr\"><div class=\"advgb-image-slider-item\"><img decoding=\"async\" src=\"https:\/\/dev.bordeauxgsef2025.org\/wp-content\/uploads\/2025\/03\/Palais2lAtlantique_Agora-C-MaximeDufourPhotographies-1-.jpg\" class=\"advgb-image-slider-img\" alt=\"\" style=\"width:100%;height:auto\"\/><div class=\"advgb-image-slider-item-info\" style=\"justify-content:center;align-items:center\"><\/div><\/div><div class=\"advgb-image-slider-item\"><img decoding=\"async\" src=\"https:\/\/dev.bordeauxgsef2025.org\/wp-content\/uploads\/2025\/03\/Capture-decran-2025-03-04-a-12.20.22.png\" class=\"advgb-image-slider-img\" alt=\"\" style=\"width:100%;height:auto\"\/><div class=\"advgb-image-slider-item-info\" style=\"justify-content:center;align-items:center\"><\/div><\/div><\/div><\/div>\n\n\n\n<figure data-wp-context=\"{&quot;imageId&quot;:&quot;69f45734b507c&quot;}\" data-wp-interactive=\"core\/image\" data-wp-key=\"69f45734b507c\" class=\"wp-block-image size-full wp-lightbox-container\"><img decoding=\"async\" width=\"1035\" height=\"978\" data-wp-class--hide=\"state.isContentHidden\" data-wp-class--show=\"state.isContentVisible\" data-wp-init=\"callbacks.setButtonStyles\" data-wp-on--click=\"actions.showLightbox\" data-wp-on--load=\"callbacks.setButtonStyles\" data-wp-on-window--resize=\"callbacks.setButtonStyles\" sizes=\"(max-width: 1035px) 100vw, 1035px\" src=\"https:\/\/dev.bordeauxgsef2025.org\/wp-content\/uploads\/2025\/03\/tarifs-stands-gsef2025_EN.gif\" alt=\"\" class=\"wp-image-3552\"\/><button\n\t\t\tclass=\"lightbox-trigger\"\n\t\t\ttype=\"button\"\n\t\t\taria-haspopup=\"dialog\"\n\t\t\taria-label=\"Enlarge\"\n\t\t\tdata-wp-init=\"callbacks.initTriggerButton\"\n\t\t\tdata-wp-on--click=\"actions.showLightbox\"\n\t\t\tdata-wp-style--right=\"state.imageButtonRight\"\n\t\t\tdata-wp-style--top=\"state.imageButtonTop\"\n\t\t>\n\t\t\t<svg xmlns=\"http:\/\/www.w3.org\/2000\/svg\" width=\"12\" height=\"12\" fill=\"none\" viewbox=\"0 0 12 12\">\n\t\t\t\t<path fill=\"#fff\" d=\"M2 0a2 2 0 0 0-2 2v2h1.5V2a.5.5 0 0 1 .5-.5h2V0H2Zm2 10.5H2a.5.5 0 0 1-.5-.5V8H0v2a2 2 0 0 0 2 2h2v-1.5ZM8 12v-1.5h2a.5.5 0 0 0 .5-.5V8H12v2a2 2 0 0 1-2 2H8Zm2-12a2 2 0 0 1 2 2v2h-1.5V2a.5.5 0 0 0-.5-.5H8V0h2Z\" \/>\n\t\t\t<\/svg>\n\t\t<\/button><\/figure>\n\n\n\n<p class=\"has-text-align-center has-small-font-size\">Click on image to enlarge<\/p>\n<\/div>\n<\/div>\n<\/div>\n<\/div>\n<\/div>\n<\/div>\n\n\n\n<div style=\"height:33px\" aria-hidden=\"true\" class=\"wp-block-spacer\"><\/div>\n\n\n\n<h2 class=\"wp-block-heading has-text-align-left has-text-color has-link-color wp-elements-fcc91871186f8c558d7d9eddc88d3b85\" style=\"color:#1e4b98\"><strong>KEYPOINTS<\/strong><\/h2>\n\n\n\n<div style=\"height:18px\" aria-hidden=\"true\" class=\"wp-block-spacer\"><\/div>\n\n\n\n<div class=\"wp-block-columns is-layout-flex wp-container-core-columns-is-layout-28f84493 wp-block-columns-is-layout-flex\">\n<div class=\"wp-block-column is-vertically-aligned-center is-layout-flow wp-block-column-is-layout-flow\">\n<p style=\"font-size:17px\"><mark style=\"background-color:rgba(0, 0, 0, 0);color:#fdc700\" class=\"has-inline-color\"><strong>\u2713<\/strong><\/mark><strong>&nbsp; <\/strong><mark style=\"background-color:rgba(0, 0, 0, 0);color:#1e4b98\" class=\"has-inline-color\"><strong>7<sup>th<\/sup> edition<\/strong> <strong>of a must-attend global event for the first time in France<\/strong> <\/mark><\/p>\n\n\n\n<p style=\"font-size:17px\"><mark style=\"background-color:rgba(0, 0, 0, 0);color:#fdc700\" class=\"has-inline-color\"><strong>\u2713<\/strong><\/mark><strong>&nbsp; <mark style=\"background-color:rgba(0, 0, 0, 0);color:#1e4b98\" class=\"has-inline-color\">Over 3,000 participants<\/mark><\/strong> from all over the world<\/p>\n\n\n\n<p style=\"font-size:17px\"><mark style=\"background-color:rgba(0, 0, 0, 0);color:#fdc700\" class=\"has-inline-color\"><strong>\u2713<\/strong><\/mark><strong>&nbsp; <mark style=\"background-color:rgba(0, 0, 0, 0);color:#1e4b98\" class=\"has-inline-color\">3-day Forum<\/mark><\/strong> to discover, debate, be inspired and meet, with political and thematic roundtables and some 150 workshops resulting from a call for contributions (860 contributions from 698 different organizations). Preceded by a day of learning visits in the form of <a href=\"https:\/\/dev.bordeauxgsef2025.org\/en\/parcours-territoriaux\/\" target=\"_blank\" rel=\"noreferrer noopener\">Territorial pathways<\/a>.<\/p>\n\n\n\n<p style=\"font-size:17px\"><strong><mark style=\"background-color:rgba(0, 0, 0, 0);color:#fdc700\" class=\"has-inline-color\">\u2713<\/mark>&nbsp;<\/strong> <mark style=\"background-color:rgba(0, 0, 0, 0);color:#1e4b98\" class=\"has-inline-color\"><strong>1 site:<\/strong> <\/mark>the Palais 2 l\u2019Atlantique at Bordeaux-Lac<\/p>\n<\/div>\n\n\n\n<div class=\"wp-block-column is-vertically-aligned-center is-layout-flow wp-block-column-is-layout-flow\">\n<figure class=\"wp-block-image aligncenter size-full\"><img decoding=\"async\" width=\"624\" height=\"427\" sizes=\"(max-width: 624px) 100vw, 624px\" src=\"https:\/\/dev.bordeauxgsef2025.org\/wp-content\/uploads\/2024\/11\/lieu-gsef-bordeaux25-forum.gif\" alt=\"\" class=\"wp-image-2716\"\/><\/figure>\n<\/div>\n<\/div>\n\n\n\n<p><\/p>","protected":false},"excerpt":{"rendered":"<p>Votre stand au Forum mondial de l\u2019ESS Bordeaux&nbsp;GSEF&nbsp;2025 Valorisez votre organisation, vos projets, vos initiatives lors du Forum Bordeaux GSEF 2025. Vous \u00eates un gouvernement local ou national ?un r\u00e9seau ? un partenaire ? un acteur ?impliqu\u00e9 dans et pour l\u2019Economie Sociale et Solidaire R\u00e9servez votre stand au Forum mondial de l\u2019ESS du 29 au [&hellip;]<\/p>","protected":false},"author":1,"featured_media":0,"parent":0,"menu_order":0,"comment_status":"closed","ping_status":"closed","template":"","meta":{"_acf_changed":false,"advgb_blocks_editor_width":"","advgb_blocks_columns_visual_guide":"","footnotes":""},"class_list":["post-3365","page","type-page","status-publish","hentry"],"acf":[],"yoast_head":"<!-- This site is optimized with the Yoast SEO plugin v25.9 - https:\/\/yoast.com\/wordpress\/plugins\/seo\/ -->\n<title>R\u00e9servez votre stand &#8226; FORUM MONDIAL DE l&#039;\u00c9CONOMIE SOCIALE ET SOLIDAIRE<\/title>\n<meta name=\"robots\" content=\"noindex, follow, max-snippet:-1, max-image-preview:large, max-video-preview:-1\" \/>\n<meta property=\"og:locale\" content=\"en_US\" \/>\n<meta property=\"og:type\" content=\"article\" \/>\n<meta property=\"og:title\" content=\"R\u00e9servez votre stand &#8226; FORUM MONDIAL DE l&#039;\u00c9CONOMIE SOCIALE ET SOLIDAIRE\" \/>\n<meta property=\"og:description\" content=\"Votre stand au Forum mondial de l\u2019ESS Bordeaux&nbsp;GSEF&nbsp;2025 Valorisez votre organisation, vos projets, vos initiatives lors du Forum Bordeaux GSEF 2025. Vous \u00eates un gouvernement local ou national ?un r\u00e9seau ? un partenaire ? un acteur ?impliqu\u00e9 dans et pour l\u2019Economie Sociale et Solidaire R\u00e9servez votre stand au Forum mondial de l\u2019ESS du 29 au [&hellip;]\" \/>\n<meta property=\"og:url\" content=\"https:\/\/dev.bordeauxgsef2025.org\/en\/stand-forum-gsef2025\/\" \/>\n<meta property=\"og:site_name\" content=\"FORUM MONDIAL DE l&#039;\u00c9CONOMIE SOCIALE ET SOLIDAIRE\" \/>\n<meta property=\"article:publisher\" content=\"https:\/\/www.facebook.com\/BordeauxGSEF2025\/\" \/>\n<meta property=\"article:modified_time\" content=\"2025-05-05T16:00:49+00:00\" \/>\n<meta property=\"og:image\" content=\"https:\/\/dev.bordeauxgsef2025.org\/wp-content\/uploads\/2024\/10\/gsef-bx-2025-icono2.png\" \/>\n\t<meta property=\"og:image:width\" content=\"1098\" \/>\n\t<meta property=\"og:image:height\" content=\"796\" \/>\n\t<meta property=\"og:image:type\" content=\"image\/png\" \/>\n<meta name=\"twitter:card\" content=\"summary_large_image\" \/>\n<meta name=\"twitter:site\" content=\"@BdxGSEF2025\" \/>\n<script type=\"application\/ld+json\" class=\"yoast-schema-graph\">{\"@context\":\"https:\/\/schema.org\",\"@graph\":[{\"@type\":\"WebPage\",\"@id\":\"https:\/\/dev.bordeauxgsef2025.org\/stand-forum-gsef2025\/\",\"url\":\"https:\/\/dev.bordeauxgsef2025.org\/stand-forum-gsef2025\/\",\"name\":\"R\u00e9servez votre stand &#8226; FORUM MONDIAL DE l&#039;\u00c9CONOMIE SOCIALE ET SOLIDAIRE\",\"isPartOf\":{\"@id\":\"https:\/\/dev.bordeauxgsef2025.org\/#website\"},\"primaryImageOfPage\":{\"@id\":\"https:\/\/dev.bordeauxgsef2025.org\/stand-forum-gsef2025\/#primaryimage\"},\"image\":{\"@id\":\"https:\/\/dev.bordeauxgsef2025.org\/stand-forum-gsef2025\/#primaryimage\"},\"thumbnailUrl\":\"https:\/\/dev.bordeauxgsef2025.org\/wp-content\/uploads\/2024\/10\/gsef-bx-2025-icono2-1024x742.png\",\"datePublished\":\"2025-03-06T12:36:26+00:00\",\"dateModified\":\"2025-05-05T16:00:49+00:00\",\"breadcrumb\":{\"@id\":\"https:\/\/dev.bordeauxgsef2025.org\/stand-forum-gsef2025\/#breadcrumb\"},\"inLanguage\":\"en-US\",\"potentialAction\":[{\"@type\":\"ReadAction\",\"target\":[\"https:\/\/dev.bordeauxgsef2025.org\/stand-forum-gsef2025\/\"]}]},{\"@type\":\"ImageObject\",\"inLanguage\":\"en-US\",\"@id\":\"https:\/\/dev.bordeauxgsef2025.org\/stand-forum-gsef2025\/#primaryimage\",\"url\":\"https:\/\/dev.bordeauxgsef2025.org\/wp-content\/uploads\/2024\/10\/gsef-bx-2025-icono2-1024x742.png\",\"contentUrl\":\"https:\/\/dev.bordeauxgsef2025.org\/wp-content\/uploads\/2024\/10\/gsef-bx-2025-icono2-1024x742.png\"},{\"@type\":\"BreadcrumbList\",\"@id\":\"https:\/\/dev.bordeauxgsef2025.org\/stand-forum-gsef2025\/#breadcrumb\",\"itemListElement\":[{\"@type\":\"ListItem\",\"position\":1,\"name\":\"Accueil\",\"item\":\"https:\/\/dev.bordeauxgsef2025.org\/\"},{\"@type\":\"ListItem\",\"position\":2,\"name\":\"R\u00e9servez votre stand\"}]},{\"@type\":\"WebSite\",\"@id\":\"https:\/\/dev.bordeauxgsef2025.org\/#website\",\"url\":\"https:\/\/dev.bordeauxgsef2025.org\/\",\"name\":\"FORUM MONDIAL DE l'\u00c9CONOMIE SOCIALE ET SOLIDAIRE\",\"description\":\"Bordeaux 29 30 31 Octobre 2025\",\"publisher\":{\"@id\":\"https:\/\/dev.bordeauxgsef2025.org\/#organization\"},\"alternateName\":\"BORDEAUX GSEF 225\",\"potentialAction\":[{\"@type\":\"SearchAction\",\"target\":{\"@type\":\"EntryPoint\",\"urlTemplate\":\"https:\/\/dev.bordeauxgsef2025.org\/?s={search_term_string}\"},\"query-input\":{\"@type\":\"PropertyValueSpecification\",\"valueRequired\":true,\"valueName\":\"search_term_string\"}}],\"inLanguage\":\"en-US\"},{\"@type\":\"Organization\",\"@id\":\"https:\/\/dev.bordeauxgsef2025.org\/#organization\",\"name\":\"FORUM MONDIAL DE l'\u00c9CONOMIE SOCIALE ET SOLIDAIRE\",\"alternateName\":\"Bordeaux Gsef 2025\",\"url\":\"https:\/\/dev.bordeauxgsef2025.org\/\",\"logo\":{\"@type\":\"ImageObject\",\"inLanguage\":\"en-US\",\"@id\":\"https:\/\/dev.bordeauxgsef2025.org\/#\/schema\/logo\/image\/\",\"url\":\"https:\/\/dev.bordeauxgsef2025.org\/wp-content\/uploads\/2024\/10\/logo-carre-gsef2025.png\",\"contentUrl\":\"https:\/\/dev.bordeauxgsef2025.org\/wp-content\/uploads\/2024\/10\/logo-carre-gsef2025.png\",\"width\":800,\"height\":800,\"caption\":\"FORUM MONDIAL DE l'\u00c9CONOMIE SOCIALE ET SOLIDAIRE\"},\"image\":{\"@id\":\"https:\/\/dev.bordeauxgsef2025.org\/#\/schema\/logo\/image\/\"},\"sameAs\":[\"https:\/\/www.facebook.com\/BordeauxGSEF2025\/\",\"https:\/\/x.com\/BdxGSEF2025\",\"https:\/\/www.linkedin.com\/company\/bordeaux-gsef-2025\/\",\"https:\/\/www.instagram.com\/bordeaux_gsef2025\/\"]}]}<\/script>\n<!-- \/ Yoast SEO plugin. -->","yoast_head_json":{"title":"R\u00e9servez votre stand &#8226; FORUM MONDIAL DE l&#039;\u00c9CONOMIE SOCIALE ET SOLIDAIRE","robots":{"index":"noindex","follow":"follow","max-snippet":"max-snippet:-1","max-image-preview":"max-image-preview:large","max-video-preview":"max-video-preview:-1"},"og_locale":"en_US","og_type":"article","og_title":"R\u00e9servez votre stand &#8226; FORUM MONDIAL DE l&#039;\u00c9CONOMIE SOCIALE ET SOLIDAIRE","og_description":"Votre stand au Forum mondial de l\u2019ESS Bordeaux&nbsp;GSEF&nbsp;2025 Valorisez votre organisation, vos projets, vos initiatives lors du Forum Bordeaux GSEF 2025. Vous \u00eates un gouvernement local ou national ?un r\u00e9seau ? un partenaire ? un acteur ?impliqu\u00e9 dans et pour l\u2019Economie Sociale et Solidaire R\u00e9servez votre stand au Forum mondial de l\u2019ESS du 29 au [&hellip;]","og_url":"https:\/\/dev.bordeauxgsef2025.org\/en\/stand-forum-gsef2025\/","og_site_name":"FORUM MONDIAL DE l&#039;\u00c9CONOMIE SOCIALE ET SOLIDAIRE","article_publisher":"https:\/\/www.facebook.com\/BordeauxGSEF2025\/","article_modified_time":"2025-05-05T16:00:49+00:00","og_image":[{"width":1098,"height":796,"url":"https:\/\/dev.bordeauxgsef2025.org\/wp-content\/uploads\/2024\/10\/gsef-bx-2025-icono2.png","type":"image\/png"}],"twitter_card":"summary_large_image","twitter_site":"@BdxGSEF2025","schema":{"@context":"https:\/\/schema.org","@graph":[{"@type":"WebPage","@id":"https:\/\/dev.bordeauxgsef2025.org\/stand-forum-gsef2025\/","url":"https:\/\/dev.bordeauxgsef2025.org\/stand-forum-gsef2025\/","name":"R\u00e9servez votre stand &#8226; FORUM MONDIAL DE l&#039;\u00c9CONOMIE SOCIALE ET SOLIDAIRE","isPartOf":{"@id":"https:\/\/dev.bordeauxgsef2025.org\/#website"},"primaryImageOfPage":{"@id":"https:\/\/dev.bordeauxgsef2025.org\/stand-forum-gsef2025\/#primaryimage"},"image":{"@id":"https:\/\/dev.bordeauxgsef2025.org\/stand-forum-gsef2025\/#primaryimage"},"thumbnailUrl":"https:\/\/dev.bordeauxgsef2025.org\/wp-content\/uploads\/2024\/10\/gsef-bx-2025-icono2-1024x742.png","datePublished":"2025-03-06T12:36:26+00:00","dateModified":"2025-05-05T16:00:49+00:00","breadcrumb":{"@id":"https:\/\/dev.bordeauxgsef2025.org\/stand-forum-gsef2025\/#breadcrumb"},"inLanguage":"en-US","potentialAction":[{"@type":"ReadAction","target":["https:\/\/dev.bordeauxgsef2025.org\/stand-forum-gsef2025\/"]}]},{"@type":"ImageObject","inLanguage":"en-US","@id":"https:\/\/dev.bordeauxgsef2025.org\/stand-forum-gsef2025\/#primaryimage","url":"https:\/\/dev.bordeauxgsef2025.org\/wp-content\/uploads\/2024\/10\/gsef-bx-2025-icono2-1024x742.png","contentUrl":"https:\/\/dev.bordeauxgsef2025.org\/wp-content\/uploads\/2024\/10\/gsef-bx-2025-icono2-1024x742.png"},{"@type":"BreadcrumbList","@id":"https:\/\/dev.bordeauxgsef2025.org\/stand-forum-gsef2025\/#breadcrumb","itemListElement":[{"@type":"ListItem","position":1,"name":"Accueil","item":"https:\/\/dev.bordeauxgsef2025.org\/"},{"@type":"ListItem","position":2,"name":"R\u00e9servez votre stand"}]},{"@type":"WebSite","@id":"https:\/\/dev.bordeauxgsef2025.org\/#website","url":"https:\/\/dev.bordeauxgsef2025.org\/","name":"FORUM MONDIAL DE l'\u00c9CONOMIE SOCIALE ET SOLIDAIRE","description":"Bordeaux 29 30 31 Octobre 2025","publisher":{"@id":"https:\/\/dev.bordeauxgsef2025.org\/#organization"},"alternateName":"BORDEAUX GSEF 225","potentialAction":[{"@type":"SearchAction","target":{"@type":"EntryPoint","urlTemplate":"https:\/\/dev.bordeauxgsef2025.org\/?s={search_term_string}"},"query-input":{"@type":"PropertyValueSpecification","valueRequired":true,"valueName":"search_term_string"}}],"inLanguage":"en-US"},{"@type":"Organization","@id":"https:\/\/dev.bordeauxgsef2025.org\/#organization","name":"FORUM MONDIAL DE l'\u00c9CONOMIE SOCIALE ET SOLIDAIRE","alternateName":"Bordeaux Gsef 2025","url":"https:\/\/dev.bordeauxgsef2025.org\/","logo":{"@type":"ImageObject","inLanguage":"en-US","@id":"https:\/\/dev.bordeauxgsef2025.org\/#\/schema\/logo\/image\/","url":"https:\/\/dev.bordeauxgsef2025.org\/wp-content\/uploads\/2024\/10\/logo-carre-gsef2025.png","contentUrl":"https:\/\/dev.bordeauxgsef2025.org\/wp-content\/uploads\/2024\/10\/logo-carre-gsef2025.png","width":800,"height":800,"caption":"FORUM MONDIAL DE l'\u00c9CONOMIE SOCIALE ET SOLIDAIRE"},"image":{"@id":"https:\/\/dev.bordeauxgsef2025.org\/#\/schema\/logo\/image\/"},"sameAs":["https:\/\/www.facebook.com\/BordeauxGSEF2025\/","https:\/\/x.com\/BdxGSEF2025","https:\/\/www.linkedin.com\/company\/bordeaux-gsef-2025\/","https:\/\/www.instagram.com\/bordeaux_gsef2025\/"]}]}},"coauthors":[],"author_meta":{"author_link":"https:\/\/dev.bordeauxgsef2025.org\/en\/author\/admin-ot\/","display_name":"admin-ot"},"relative_dates":{"created":"Posted 1 year ago","modified":"Updated 12 months ago"},"absolute_dates":{"created":"Posted on 6 March 2025","modified":"Updated on 5 May 2025"},"absolute_dates_time":{"created":"Posted on 6 March 2025 13h36","modified":"Updated on 5 May 2025 18h00"},"featured_img_caption":"","featured_img":false,"series_order":"","_links":{"self":[{"href":"https:\/\/dev.bordeauxgsef2025.org\/en\/wp-json\/wp\/v2\/pages\/3365","targetHints":{"allow":["GET"]}}],"collection":[{"href":"https:\/\/dev.bordeauxgsef2025.org\/en\/wp-json\/wp\/v2\/pages"}],"about":[{"href":"https:\/\/dev.bordeauxgsef2025.org\/en\/wp-json\/wp\/v2\/types\/page"}],"author":[{"embeddable":true,"href":"https:\/\/dev.bordeauxgsef2025.org\/en\/wp-json\/wp\/v2\/users\/1"}],"replies":[{"embeddable":true,"href":"https:\/\/dev.bordeauxgsef2025.org\/en\/wp-json\/wp\/v2\/comments?post=3365"}],"version-history":[{"count":145,"href":"https:\/\/dev.bordeauxgsef2025.org\/en\/wp-json\/wp\/v2\/pages\/3365\/revisions"}],"predecessor-version":[{"id":5850,"href":"https:\/\/dev.bordeauxgsef2025.org\/en\/wp-json\/wp\/v2\/pages\/3365\/revisions\/5850"}],"wp:attachment":[{"href":"https:\/\/dev.bordeauxgsef2025.org\/en\/wp-json\/wp\/v2\/media?parent=3365"}],"curies":[{"name":"wp","href":"https:\/\/api.w.org\/{rel}","templated":true}]}}